{"id":169,"date":"2021-12-23T12:30:20","date_gmt":"2021-12-23T12:30:20","guid":{"rendered":"https:\/\/demosites.royal-elementor-addons.com\/nature-v1\/?page_id=169"},"modified":"2026-03-08T20:26:53","modified_gmt":"2026-03-08T20:26:53","slug":"info","status":"publish","type":"page","link":"https:\/\/6giugno.it\/index.php\/info\/","title":{"rendered":"Informazioni per gli invitati"},"content":{"rendered":"\t\t<div data-elementor-type=\"wp-page\" data-elementor-id=\"169\" class=\"elementor elementor-169\">\n\t\t\t\t\t\t<section class=\"elementor-section elementor-top-section elementor-element elementor-element-3b808b4 elementor-section-boxed elementor-section-height-default elementor-section-height-default wpr-particle-no wpr-jarallax-no wpr-parallax-no wpr-sticky-section-no\" data-id=\"3b808b4\" data-element_type=\"section\" data-settings=\"{&quot;background_background&quot;:&quot;classic&quot;}\">\n\t\t\t\t\t\t\t<div class=\"elementor-background-overlay\"><\/div>\n\t\t\t\t\t\t\t<div class=\"elementor-container elementor-column-gap-default\">\n\t\t\t\t\t<div class=\"elementor-column elementor-col-100 elementor-top-column elementor-element elementor-element-0041891\" data-id=\"0041891\" data-element_type=\"column\">\n\t\t\t<div class=\"elementor-widget-wrap elementor-element-populated\">\n\t\t\t\t\t\t<div class=\"elementor-element elementor-element-3670141 elementor-widget elementor-widget-heading\" data-id=\"3670141\" data-element_type=\"widget\" data-widget_type=\"heading.default\">\n\t\t\t\t\t<h2 class=\"elementor-heading-title elementor-size-default\">Informazioni per gli invitati<\/h2>\t\t\t\t<\/div>\n\t\t\t\t\t<\/div>\n\t\t<\/div>\n\t\t\t\t\t<\/div>\n\t\t<\/section>\n\t\t\t\t<section class=\"elementor-section elementor-top-section elementor-element elementor-element-b3a70f4 elementor-section-boxed elementor-section-height-default elementor-section-height-default wpr-particle-no wpr-jarallax-no wpr-parallax-no wpr-sticky-section-no\" data-id=\"b3a70f4\" data-element_type=\"section\">\n\t\t\t\t\t\t<div class=\"elementor-container elementor-column-gap-default\">\n\t\t\t\t\t<div class=\"elementor-column elementor-col-100 elementor-top-column elementor-element elementor-element-b574533\" data-id=\"b574533\" data-element_type=\"column\">\n\t\t\t<div class=\"elementor-widget-wrap elementor-element-populated\">\n\t\t\t\t\t\t<section class=\"elementor-section elementor-inner-section elementor-element elementor-element-5a9b1b8 elementor-section-boxed elementor-section-height-default elementor-section-height-default wpr-particle-no wpr-jarallax-no wpr-parallax-no wpr-sticky-section-no\" data-id=\"5a9b1b8\" data-element_type=\"section\">\n\t\t\t\t\t\t<div class=\"elementor-container elementor-column-gap-default\">\n\t\t\t\t\t<div class=\"elementor-column elementor-col-33 elementor-inner-column elementor-element elementor-element-d04c902\" data-id=\"d04c902\" data-element_type=\"column\">\n\t\t\t<div class=\"elementor-widget-wrap elementor-element-populated\">\n\t\t\t\t\t\t<div class=\"elementor-element elementor-element-974680b elementor-widget elementor-widget-heading\" data-id=\"974680b\" data-element_type=\"widget\" data-widget_type=\"heading.default\">\n\t\t\t\t\t<h2 class=\"elementor-heading-title elementor-size-default\">La chiesa<\/h2>\t\t\t\t<\/div>\n\t\t\t\t<div class=\"elementor-element elementor-element-1b4bbd2 elementor-widget elementor-widget-image\" data-id=\"1b4bbd2\" data-element_type=\"widget\" data-widget_type=\"image.default\">\n\t\t\t\t\t\t\t\t\t\t\t\t\t\t\t<img fetchpriority=\"high\" decoding=\"async\" width=\"2560\" height=\"1994\" src=\"https:\/\/6giugno.it\/wp-content\/uploads\/2025\/07\/DSC01125-1-scaled.jpg\" class=\"attachment-full size-full wp-image-1067\" alt=\"\" srcset=\"https:\/\/6giugno.it\/wp-content\/uploads\/2025\/07\/DSC01125-1-scaled.jpg 2560w, https:\/\/6giugno.it\/wp-content\/uploads\/2025\/07\/DSC01125-1-300x234.jpg 300w, https:\/\/6giugno.it\/wp-content\/uploads\/2025\/07\/DSC01125-1-1024x797.jpg 1024w, https:\/\/6giugno.it\/wp-content\/uploads\/2025\/07\/DSC01125-1-768x598.jpg 768w, https:\/\/6giugno.it\/wp-content\/uploads\/2025\/07\/DSC01125-1-1536x1196.jpg 1536w, https:\/\/6giugno.it\/wp-content\/uploads\/2025\/07\/DSC01125-1-2048x1595.jpg 2048w\" sizes=\"(max-width: 2560px) 100vw, 2560px\" \/>\t\t\t\t\t\t\t\t\t\t\t\t\t\t\t<\/div>\n\t\t\t\t<div class=\"elementor-element elementor-element-b3d1fe7 elementor-widget elementor-widget-text-editor\" data-id=\"b3d1fe7\" data-element_type=\"widget\" data-widget_type=\"text-editor.default\">\n\t\t\t\t\t\t\t\t\t<p>A che ora inizier\u00e0 la celebrazione? <strong>Alle 15:00.<\/strong><\/p>\n<p>Dove sar\u00e0? Nella <strong>parrocchia di San Mauro Abate, in via Francesco Sapori, 10 (Roma)<\/strong>. <a href=\"https:\/\/maps.app.goo.gl\/eeRikmq9CRp6bahs6\"><span style=\"text-decoration: underline;\">Clicca qui le indicazioni con Google maps<\/span><\/a>.<\/p>\n<p>C&#8217;\u00e8 un <strong>parcheggio interno<\/strong>? S\u00ec.<\/p>\n<p>Quanto durer\u00e0 la celebrazione? Un&#8217;ora e mezza.<\/p>\n<p><strong>IMPORTANTE:<\/strong> <strong>NO cellulari per foto\/video<\/strong> durante l&#8217;ingresso della sposa e in generale durante la celebrazione. Ci saranno fotografi professionisti che si occuperanno delle riprese e delle foto che faremo avere a chi lo desidera.<\/p>\n<p><img decoding=\"async\" class=\" wp-image-1170\" src=\"https:\/\/6giugno.it\/wp-content\/uploads\/2025\/07\/istockphoto-1210468295-612x612-1-300x300.jpg\" alt=\"\" width=\"45\" height=\"45\" srcset=\"https:\/\/6giugno.it\/wp-content\/uploads\/2025\/07\/istockphoto-1210468295-612x612-1-300x300.jpg 300w, https:\/\/6giugno.it\/wp-content\/uploads\/2025\/07\/istockphoto-1210468295-612x612-1-150x150.jpg 150w, https:\/\/6giugno.it\/wp-content\/uploads\/2025\/07\/istockphoto-1210468295-612x612-1.jpg 612w\" sizes=\"(max-width: 45px) 100vw, 45px\" \/><\/p>\t\t\t\t\t\t\t\t<\/div>\n\t\t\t\t\t<\/div>\n\t\t<\/div>\n\t\t\t\t<div class=\"elementor-column elementor-col-33 elementor-inner-column elementor-element elementor-element-671bf68\" data-id=\"671bf68\" data-element_type=\"column\">\n\t\t\t<div class=\"elementor-widget-wrap elementor-element-populated\">\n\t\t\t\t\t\t<div class=\"elementor-element elementor-element-39c9edb elementor-widget elementor-widget-heading\" data-id=\"39c9edb\" data-element_type=\"widget\" data-widget_type=\"heading.default\">\n\t\t\t\t\t<h2 class=\"elementor-heading-title elementor-size-default\">La villa<\/h2>\t\t\t\t<\/div>\n\t\t\t\t<div class=\"elementor-element elementor-element-8467e2a elementor-widget elementor-widget-image\" data-id=\"8467e2a\" data-element_type=\"widget\" data-widget_type=\"image.default\">\n\t\t\t\t\t\t\t\t\t\t\t\t\t\t\t<img decoding=\"async\" width=\"861\" height=\"665\" src=\"https:\/\/6giugno.it\/wp-content\/uploads\/2025\/07\/villa-fravili-e1757499586613.jpg\" class=\"attachment-full size-full wp-image-1147\" alt=\"\" srcset=\"https:\/\/6giugno.it\/wp-content\/uploads\/2025\/07\/villa-fravili-e1757499586613.jpg 861w, https:\/\/6giugno.it\/wp-content\/uploads\/2025\/07\/villa-fravili-e1757499586613-300x232.jpg 300w, https:\/\/6giugno.it\/wp-content\/uploads\/2025\/07\/villa-fravili-e1757499586613-768x593.jpg 768w\" sizes=\"(max-width: 861px) 100vw, 861px\" \/>\t\t\t\t\t\t\t\t\t\t\t\t\t\t\t<\/div>\n\t\t\t\t<div class=\"elementor-element elementor-element-399b570 elementor-widget elementor-widget-text-editor\" data-id=\"399b570\" data-element_type=\"widget\" data-widget_type=\"text-editor.default\">\n\t\t\t\t\t\t\t\t\t<p>A che ora inizier\u00e0 il ricevimento? <strong>Alle 18:00.<\/strong><\/p><p>Dove sar\u00e0? A <strong>Villa Fravili, in via di Quarto Conca, 104 a Fonte Nuova (Roma)<\/strong>. <a href=\"https:\/\/www.google.com\/maps\/place\/Villa+Fravili\/@42.0124479,12.6120527,17z\/data=!3m1!4b1!4m6!3m5!1s0x132f65eeacb39f39:0x80039a58a483d0a5!8m2!3d42.0124439!4d12.614633!16s%2Fg%2F11j3vwh8j1!5m1!1e1?entry=ttu&amp;g_ep=EgoyMDI1MTEzMC4wIKXMDSoASAFQAw%3D%3D\"><span style=\"text-decoration: underline;\">Clicca qui le indicazioni con Google maps<\/span><\/a>.<\/p><p>Fino a che ora durer\u00e0 la festa? L&#8217;1:00.<\/p><p><strong>IMPORTANTE:<\/strong> Abbiamo deciso di vivere questo giorno in un\u2019atmosfera <b>solo per adulti<\/b>.<\/p><p><img loading=\"lazy\" decoding=\"async\" class=\"alignnone wp-image-1171\" src=\"https:\/\/6giugno.it\/wp-content\/uploads\/2025\/07\/no-baby-icon-260nw-704167909-e1752787979158.webp\" alt=\"\" width=\"39\" height=\"39\" srcset=\"https:\/\/6giugno.it\/wp-content\/uploads\/2025\/07\/no-baby-icon-260nw-704167909-e1752787979158.webp 260w, https:\/\/6giugno.it\/wp-content\/uploads\/2025\/07\/no-baby-icon-260nw-704167909-e1752787979158-150x150.webp 150w\" sizes=\"(max-width: 39px) 100vw, 39px\" \/><\/p>\t\t\t\t\t\t\t\t<\/div>\n\t\t\t\t\t<\/div>\n\t\t<\/div>\n\t\t\t\t<div class=\"elementor-column elementor-col-33 elementor-inner-column elementor-element elementor-element-1e18b83\" data-id=\"1e18b83\" data-element_type=\"column\">\n\t\t\t<div class=\"elementor-widget-wrap elementor-element-populated\">\n\t\t\t\t\t\t<div class=\"elementor-element elementor-element-7deef5b elementor-widget elementor-widget-heading\" data-id=\"7deef5b\" data-element_type=\"widget\" data-widget_type=\"heading.default\">\n\t\t\t\t\t<h2 class=\"elementor-heading-title elementor-size-default\">Il dress code<\/h2>\t\t\t\t<\/div>\n\t\t\t\t<div class=\"elementor-element elementor-element-bc15533 elementor-widget elementor-widget-image\" data-id=\"bc15533\" data-element_type=\"widget\" data-widget_type=\"image.default\">\n\t\t\t\t\t\t\t\t\t\t\t\t\t\t\t<img decoding=\"async\" src=\"https:\/\/6giugno.it\/wp-content\/uploads\/2025\/07\/95ab09a5-d155-4f1d-b3e7-646a1c5e982e.png\" title=\"\" alt=\"\" loading=\"lazy\" \/>\t\t\t\t\t\t\t\t\t\t\t\t\t\t\t<\/div>\n\t\t\t\t<div class=\"elementor-element elementor-element-cd51621 elementor-widget elementor-widget-text-editor\" data-id=\"cd51621\" data-element_type=\"widget\" data-widget_type=\"text-editor.default\">\n\t\t\t\t\t\t\t\t\t<p>Scegliete il vestito che preferite ricordando alcune accortezze a cui teniamo.<\/p><p>Per lui: <b>completo scuro, cravatta (scura o colorata), camicia bianca e scarpe scure.<\/b><\/p><p>Per lei:\u00a0<b>abito lungo (scuro o colorato) evitando ogni capo di abbigliamento e\/o accessori bianchi o molto chiari (vale anche per capi chiari con stampe scure e viceversa).<\/b><\/p>\t\t\t\t\t\t\t\t<\/div>\n\t\t\t\t\t<\/div>\n\t\t<\/div>\n\t\t\t\t\t<\/div>\n\t\t<\/section>\n\t\t\t\t\t<\/div>\n\t\t<\/div>\n\t\t\t\t\t<\/div>\n\t\t<\/section>\n\t\t\t\t<section class=\"elementor-section elementor-top-section elementor-element elementor-element-ff048f0 elementor-section-boxed elementor-section-height-default elementor-section-height-default wpr-particle-no wpr-jarallax-no wpr-parallax-no wpr-sticky-section-no\" data-id=\"ff048f0\" data-element_type=\"section\">\n\t\t\t\t\t\t<div class=\"elementor-container elementor-column-gap-default\">\n\t\t\t\t\t<div class=\"elementor-column elementor-col-100 elementor-top-column elementor-element elementor-element-2a8736f\" data-id=\"2a8736f\" data-element_type=\"column\">\n\t\t\t<div class=\"elementor-widget-wrap elementor-element-populated\">\n\t\t\t\t\t\t<div class=\"elementor-element elementor-element-554b53f elementor-widget elementor-widget-heading\" data-id=\"554b53f\" data-element_type=\"widget\" data-widget_type=\"heading.default\">\n\t\t\t\t\t<h2 class=\"elementor-heading-title elementor-size-default\">Per chi ha desiderio di farci un regalo<\/h2>\t\t\t\t<\/div>\n\t\t\t\t<div class=\"elementor-element elementor-element-13b5e7b elementor-widget-divider--view-line elementor-widget elementor-widget-divider\" data-id=\"13b5e7b\" data-element_type=\"widget\" data-widget_type=\"divider.default\">\n\t\t\t\t\t\t\t<div class=\"elementor-divider\">\n\t\t\t<span class=\"elementor-divider-separator\">\n\t\t\t\t\t\t<\/span>\n\t\t<\/div>\n\t\t\t\t\t\t<\/div>\n\t\t\t\t<section class=\"elementor-section elementor-inner-section elementor-element elementor-element-c5fbfc2 elementor-section-boxed elementor-section-height-default elementor-section-height-default wpr-particle-no wpr-jarallax-no wpr-parallax-no wpr-sticky-section-no\" data-id=\"c5fbfc2\" data-element_type=\"section\">\n\t\t\t\t\t\t<div class=\"elementor-container elementor-column-gap-default\">\n\t\t\t\t\t<div class=\"elementor-column elementor-col-50 elementor-inner-column elementor-element elementor-element-0a978bc\" data-id=\"0a978bc\" data-element_type=\"column\">\n\t\t\t<div class=\"elementor-widget-wrap elementor-element-populated\">\n\t\t\t\t\t\t<div class=\"elementor-element elementor-element-70ec6de elementor-widget-mobile__width-initial wpr-promo-box-style-cover elementor-widget elementor-widget-wpr-promo-box\" data-id=\"70ec6de\" data-element_type=\"widget\" data-widget_type=\"wpr-promo-box.default\">\n\t\t\t\t\t\n\t\t<div class=\"wpr-promo-box wpr-animation-wrap\">\n\n\t\t\t\t\t\t\t\n\t\t\t\t\t\t\t<div class=\"wpr-promo-box-image\">\n\t\t\t\t\t<div class=\"wpr-promo-box-bg-image wpr-bg-anim-zoom-in wpr-anim-timing-ease-default\" style=\"background-image:url(https:\/\/6giugno.it\/wp-content\/uploads\/2025\/07\/idrovolante_in_volo_sulle_maldive_sopra_ad_alcuni_atolli_minori-e1752924522751.jpg);\"><\/div>\n\t\t\t\t\t<div class=\"wpr-promo-box-bg-overlay wpr-border-anim-oscar\"><\/div>\n\t\t\t\t<\/div>\n\t\t\t\t\t\t\n\t\t\t<div class=\"wpr-promo-box-content\">\n\n\t\t\t\t\t\t\t\t<div class=\"wpr-promo-box-icon\">\n\t\t\t\t\t\t\t\t\t<\/div>\n\t\t\t\t\n\t\t\t\t<h3 class=\"wpr-promo-box-title\"><a href=\"#\"><span>Puoi supportarci per il nostro viaggio di nozze!<\/span><\/a><\/h3>\n\t\t\t\t\n\t\t\t\t\t\t\t<\/div>\n\n\t\t\t\t\t<\/div>\n\n\t\t\t\t\t\t<\/div>\n\t\t\t\t<div class=\"elementor-element elementor-element-d582440 elementor-widget elementor-widget-text-editor\" data-id=\"d582440\" data-element_type=\"widget\" data-widget_type=\"text-editor.default\">\n\t\t\t\t\t\t\t\t\t<p><b><br \/>IBAN: <\/b>IT27Z0357601601010005084379<\/p><p><b>Intestato a: <\/b>Claudia Lorenti<\/p><p><strong>Causale:<\/strong> Regalo matrimonio<\/p>\t\t\t\t\t\t\t\t<\/div>\n\t\t\t\t\t<\/div>\n\t\t<\/div>\n\t\t\t\t<div class=\"elementor-column elementor-col-50 elementor-inner-column elementor-element elementor-element-f188af3\" data-id=\"f188af3\" data-element_type=\"column\">\n\t\t\t<div class=\"elementor-widget-wrap elementor-element-populated\">\n\t\t\t\t\t\t<div class=\"elementor-element elementor-element-f1875c2 elementor-widget-mobile__width-initial wpr-promo-box-style-cover elementor-widget elementor-widget-wpr-promo-box\" data-id=\"f1875c2\" data-element_type=\"widget\" data-widget_type=\"wpr-promo-box.default\">\n\t\t\t\t\t\n\t\t<div class=\"wpr-promo-box wpr-animation-wrap\">\n\n\t\t\t\t\t\t\t\n\t\t\t\t\t\t\t<div class=\"wpr-promo-box-image\">\n\t\t\t\t\t<div class=\"wpr-promo-box-bg-image wpr-bg-anim-zoom-in wpr-anim-timing-ease-default\" style=\"background-image:url(https:\/\/6giugno.it\/wp-content\/uploads\/2025\/07\/regalo.jpeg);\"><\/div>\n\t\t\t\t\t<div class=\"wpr-promo-box-bg-overlay wpr-border-anim-jazz\"><\/div>\n\t\t\t\t<\/div>\n\t\t\t\t\t\t\n\t\t\t<div class=\"wpr-promo-box-content\">\n\n\t\t\t\t\t\t\t\t<div class=\"wpr-promo-box-icon\">\n\t\t\t\t\t\t\t\t\t<\/div>\n\t\t\t\t\n\t\t\t\t<h3 class=\"wpr-promo-box-title\"><span>Se preferisci un'altra tipologia di regalo, nessun problema!<\/span><\/h3>\n\t\t\t\t\n\t\t\t\t\t\t\t<\/div>\n\n\t\t\t\t\t<\/div>\n\n\t\t\t\t\t\t<\/div>\n\t\t\t\t<div class=\"elementor-element elementor-element-b825bab elementor-widget elementor-widget-text-editor\" data-id=\"b825bab\" data-element_type=\"widget\" data-widget_type=\"text-editor.default\">\n\t\t\t\t\t\t\t\t\t<p>Viviamo in <b>due case<\/b> che hanno <strong>gi\u00e0<\/strong> <strong>tutto (o quasi) il necessario<\/strong>. Se vuoi regalarci qualcosa che sia utile ma non sai che cosa, puoi chiederci e saremo contenti di raccontarti come ci piacerebbe che sia la nostra nuova casa!<\/p>\t\t\t\t\t\t\t\t<\/div>\n\t\t\t\t\t<\/div>\n\t\t<\/div>\n\t\t\t\t\t<\/div>\n\t\t<\/section>\n\t\t\t\t\t<\/div>\n\t\t<\/div>\n\t\t\t\t\t<\/div>\n\t\t<\/section>\n\t\t<div class=\"elementor-element elementor-element-7094d2e e-flex e-con-boxed wpr-particle-no wpr-jarallax-no wpr-parallax-no wpr-sticky-section-no e-con e-parent\" data-id=\"7094d2e\" data-element_type=\"container\">\n\t\t\t\t\t<div class=\"e-con-inner\">\n\t\t\t\t<div class=\"elementor-element elementor-element-6be5759 elementor-widget elementor-widget-heading\" data-id=\"6be5759\" data-element_type=\"widget\" data-widget_type=\"heading.default\">\n\t\t\t\t\t<h2 class=\"elementor-heading-title elementor-size-default\">Grazie di cuore!<\/h2>\t\t\t\t<\/div>\n\t\t\t\t\t<\/div>\n\t\t\t\t<\/div>\n\t\t<div class=\"elementor-element elementor-element-7a477a0 e-flex e-con-boxed wpr-particle-no wpr-jarallax-no wpr-parallax-no wpr-sticky-section-no e-con e-parent\" data-id=\"7a477a0\" data-element_type=\"container\">\n\t\t\t\t\t<div class=\"e-con-inner\">\n\t\t\t\t<div class=\"elementor-element elementor-element-7c898cb elementor-widget elementor-widget-spacer\" data-id=\"7c898cb\" data-element_type=\"widget\" data-widget_type=\"spacer.default\">\n\t\t\t\t\t\t\t<div class=\"elementor-spacer\">\n\t\t\t<div class=\"elementor-spacer-inner\"><\/div>\n\t\t<\/div>\n\t\t\t\t\t\t<\/div>\n\t\t\t\t\t<\/div>\n\t\t\t\t<\/div>\n\t\t\t\t<\/div>\n\t\t","protected":false},"excerpt":{"rendered":"<p>Informazioni per gli invitati La chiesa A che ora inizier\u00e0 la celebrazione? Alle 15:00. Dove sar\u00e0? Nella parrocchia di San Mauro Abate, in via Francesco Sapori, 10 (Roma). Clicca qui le indicazioni con Google maps. C&#8217;\u00e8 un parcheggio interno? S\u00ec. Quanto durer\u00e0 la celebrazione? Un&#8217;ora e mezza. IMPORTANTE: NO cellulari per foto\/video durante l&#8217;ingresso della sposa e in generale durante la celebrazione. Ci saranno fotografi professionisti che si occuperanno delle riprese e delle foto che faremo avere a chi lo desidera. La villa A che ora inizier\u00e0 il ricevimento? Alle 18:00. Dove sar\u00e0? A Villa Fravili, in via di Quarto Conca, 104 a Fonte Nuova (Roma). Clicca qui le indicazioni con Google maps. Fino a che ora durer\u00e0 la festa? L&#8217;1:00. IMPORTANTE: Abbiamo deciso di vivere questo giorno in un\u2019atmosfera solo per adulti. Il dress code Scegliete il vestito che preferite ricordando alcune accortezze a cui teniamo. Per lui: completo scuro, cravatta (scura o colorata), camicia bianca e scarpe scure. Per lei:\u00a0abito lungo (scuro o colorato) evitando ogni capo di abbigliamento e\/o accessori bianchi o molto chiari (vale anche per capi chiari con stampe scure e viceversa). Per chi ha desiderio di farci un regalo Puoi supportarci per il nostro viaggio di nozze! IBAN: IT27Z0357601601010005084379 Intestato a: Claudia Lorenti Causale: Regalo matrimonio Se preferisci un&#8217;altra tipologia di regalo, nessun problema! Viviamo in due case che hanno gi\u00e0 tutto (o quasi) il necessario. Se vuoi regalarci qualcosa che sia utile ma non sai che cosa, puoi chiederci e saremo contenti di raccontarti come ci piacerebbe che sia la nostra nuova casa! Grazie di cuore!<\/p>\n","protected":false},"author":1,"featured_media":0,"parent":0,"menu_order":0,"comment_status":"closed","ping_status":"closed","template":"elementor_canvas","meta":{"footnotes":""},"class_list":["post-169","page","type-page","status-publish","hentry"],"_links":{"self":[{"href":"https:\/\/6giugno.it\/index.php\/wp-json\/wp\/v2\/pages\/169","targetHints":{"allow":["GET"]}}],"collection":[{"href":"https:\/\/6giugno.it\/index.php\/wp-json\/wp\/v2\/pages"}],"about":[{"href":"https:\/\/6giugno.it\/index.php\/wp-json\/wp\/v2\/types\/page"}],"author":[{"embeddable":true,"href":"https:\/\/6giugno.it\/index.php\/wp-json\/wp\/v2\/users\/1"}],"replies":[{"embeddable":true,"href":"https:\/\/6giugno.it\/index.php\/wp-json\/wp\/v2\/comments?post=169"}],"version-history":[{"count":202,"href":"https:\/\/6giugno.it\/index.php\/wp-json\/wp\/v2\/pages\/169\/revisions"}],"predecessor-version":[{"id":1451,"href":"https:\/\/6giugno.it\/index.php\/wp-json\/wp\/v2\/pages\/169\/revisions\/1451"}],"wp:attachment":[{"href":"https:\/\/6giugno.it\/index.php\/wp-json\/wp\/v2\/media?parent=169"}],"curies":[{"name":"wp","href":"https:\/\/api.w.org\/{rel}","templated":true}]}}